{"id":1112,"date":"2011-02-01T13:31:06","date_gmt":"2011-02-01T12:31:06","guid":{"rendered":"http:\/\/www.kdfjm.si\/?page_id=1112"},"modified":"2015-10-11T21:29:22","modified_gmt":"2015-10-11T20:29:22","slug":"17-redni-obcni-zbor-drustva","status":"publish","type":"page","link":"https:\/\/www.kdfjm.si\/?page_id=1112","title":{"rendered":"17. redni ob\u010dni zbor dru\u0161tva"},"content":{"rendered":"<p><strong>17. redni ob\u010dni zbor dru\u0161tva<\/strong> Kulturnega dru\u0161tva Franca Jelov\u0161ka Menge\u0161<strong> je bil 9. marca 2010<\/strong> <strong>ob 18. uri <\/strong>v dru\u0161tvenih prostorih na Slovenski cesti 30 v Meng\u0161u.<\/p><div class=\"slideshow\"><div id=\"ngg_slideshow14811121\" class=\"ngg-slideshow owl-carousel\" style=\"max-width: px; max-height: px;\"><img data-recalc-dims=\"1\" decoding=\"async\" src=\"https:\/\/i0.wp.com\/www.kdfjm.si\/wp-content\/gallery\/2010-17-obcni-zbor\/20100309-P10_0441.jpg?ssl=1\" alt=\"20100309-P10_0441\" style=\"max-width: px; max-height: px; width: auto; height:auto; margin:auto\"><img data-recalc-dims=\"1\" decoding=\"async\" src=\"https:\/\/i0.wp.com\/www.kdfjm.si\/wp-content\/gallery\/2010-17-obcni-zbor\/20100309-P10_0442.jpg?ssl=1\" alt=\"20100309-P10_0442\" style=\"max-width: px; max-height: px; width: auto; height:auto; margin:auto\"><img data-recalc-dims=\"1\" decoding=\"async\" src=\"https:\/\/i0.wp.com\/www.kdfjm.si\/wp-content\/gallery\/2010-17-obcni-zbor\/20100309-P10_0444.jpg?ssl=1\" alt=\"20100309-P10_0444\" style=\"max-width: px; max-height: px; width: auto; height:auto; margin:auto\"><img data-recalc-dims=\"1\" decoding=\"async\" src=\"https:\/\/i0.wp.com\/www.kdfjm.si\/wp-content\/gallery\/2010-17-obcni-zbor\/20100309-P10_0446.jpg?ssl=1\" alt=\"20100309-P10_0446\" style=\"max-width: px; max-height: px; width: auto; height:auto; margin:auto\"><img data-recalc-dims=\"1\" decoding=\"async\" src=\"https:\/\/i0.wp.com\/www.kdfjm.si\/wp-content\/gallery\/2010-17-obcni-zbor\/20100309-P10_0448.jpg?ssl=1\" alt=\"20100309-P10_0448\" style=\"max-width: px; max-height: px; width: auto; height:auto; margin:auto\"><img data-recalc-dims=\"1\" decoding=\"async\" src=\"https:\/\/i0.wp.com\/www.kdfjm.si\/wp-content\/gallery\/2010-17-obcni-zbor\/20100309-P10_0449.jpg?ssl=1\" alt=\"20100309-P10_0449\" style=\"max-width: px; max-height: px; width: auto; height:auto; margin:auto\"><img data-recalc-dims=\"1\" decoding=\"async\" src=\"https:\/\/i0.wp.com\/www.kdfjm.si\/wp-content\/gallery\/2010-17-obcni-zbor\/20100309-P10_0451.jpg?ssl=1\" alt=\"20100309-P10_0451\" style=\"max-width: px; max-height: px; width: auto; height:auto; margin:auto\"><img data-recalc-dims=\"1\" decoding=\"async\" src=\"https:\/\/i0.wp.com\/www.kdfjm.si\/wp-content\/gallery\/2010-17-obcni-zbor\/20100309-P10_0455.jpg?ssl=1\" alt=\"20100309-P10_0455\" style=\"max-width: px; max-height: px; width: auto; height:auto; margin:auto\"><img data-recalc-dims=\"1\" decoding=\"async\" src=\"https:\/\/i0.wp.com\/www.kdfjm.si\/wp-content\/gallery\/2010-17-obcni-zbor\/20100309-P10_0456.jpg?ssl=1\" alt=\"20100309-P10_0456\" style=\"max-width: px; max-height: px; width: auto; height:auto; margin:auto\"><img data-recalc-dims=\"1\" decoding=\"async\" src=\"https:\/\/i0.wp.com\/www.kdfjm.si\/wp-content\/gallery\/2010-17-obcni-zbor\/20100309-P10_0458.jpg?ssl=1\" alt=\"20100309-P10_0458\" style=\"max-width: px; max-height: px; width: auto; height:auto; margin:auto\"><img data-recalc-dims=\"1\" decoding=\"async\" src=\"https:\/\/i0.wp.com\/www.kdfjm.si\/wp-content\/gallery\/2010-17-obcni-zbor\/20100309-P10_0461.jpg?ssl=1\" alt=\"20100309-P10_0461\" style=\"max-width: px; max-height: px; width: auto; height:auto; margin:auto\"><img data-recalc-dims=\"1\" decoding=\"async\" src=\"https:\/\/i0.wp.com\/www.kdfjm.si\/wp-content\/gallery\/2010-17-obcni-zbor\/20100309-P10_0464.jpg?ssl=1\" alt=\"20100309-P10_0464\" style=\"max-width: px; max-height: px; width: auto; height:auto; margin:auto\"><img data-recalc-dims=\"1\" decoding=\"async\" src=\"https:\/\/i0.wp.com\/www.kdfjm.si\/wp-content\/gallery\/2010-17-obcni-zbor\/20100309-P10_0470.jpg?ssl=1\" alt=\"20100309-P10_0470\" style=\"max-width: px; max-height: px; width: auto; height:auto; margin:auto\"><img data-recalc-dims=\"1\" decoding=\"async\" src=\"https:\/\/i0.wp.com\/www.kdfjm.si\/wp-content\/gallery\/2010-17-obcni-zbor\/20100309-P10_0471.jpg?ssl=1\" alt=\"20100309-P10_0471\" style=\"max-width: px; max-height: px; width: auto; height:auto; margin:auto\"><\/div><\/div>\n\n<script type=\"text\/javascript\">jQuery(document).ready(function($) {\r\n\t\t\tvar owl = $('#ngg_slideshow14811121');\r\n\t\t\towl.owlCarousel({\r\n\t\t\t\titems: 1,\r\n\t\t\t\tautoHeight: false,\r\n\t            dots: true,\r\n\t            autoplay: true,\r\n\t\t\t\tautoplayTimeout: 3000,\r\n\t\t\t\tautoplayHoverPause: true,\r\n\t\t\t\tanimateIn: 'fadeIn',\r\n\t\t\t\tanimateOut: 'fadeOut',\r\n\t\t\t\tloop: true,\r\n\t\t\t\tmouseDrag: true,\r\n\t\t\t\ttouchDrag: true\r\n\t\t\t});\nowl.click( function () {\r\n                    owl.trigger( 'next.owl.carousel' );\r\n                } );});\n<\/script><p><strong>Poro\u010dilo predsednika Kulturnega dru\u0161tva Franca Jelov\u0161ka Menge\u0161 za leto 2009<\/strong><\/p>\n<p>V Kulturnem dru\u0161tvu Franca Jelov\u0161ka Menge\u0161 nekaj programa poteka skozi vse leto, tako skrb za ohranjanje kulturne dedi\u0161\u010dine in obi\u010dajev, prav tako pa dokumentiranje obstoje\u010de in izginjajo\u010de dedi\u0161\u010dine in fotografiranje del Franca Jelov\u0161ka po vsej Sloveniji. Vse leto deluje fotografska skupina Funtek.<\/p>\n<p>V januarju smo z delom dru\u0161tva pri\u010deli kot obi\u010dajno, s koledovanjem, ki se je zaklju\u010dilo ob sveti ma\u0161i v Loki na predve\u010der praznika Svetih treh kraljev. Sledila je zanimiva likovna delavnica Izdelovanje gnezdilnic pod vodstvom Ur\u0161e Koce, pospremljena s kratkim predavanjem o pomenu gnezdilnic za vrste ptic, ki gnezdijo pri nas. Januar smo zaklju\u010dili s pripravo na Sve\u010dnico ob likovni delavnici izdelovanja in kra\u0161enja sve\u010d, ki jo je vodila Vida Lah, tema delavnice je bil monogram. Na sve\u010dnico smo pred cerkvijo postavili \u0161palir iz sve\u010d.<\/p>\n<p>Februar je zaznamovala nova galerija na\u0161ega dru\u0161tva, ki je odprta vse leto, vsak dan in vsako uro. To je Galerija CIKCAK, ki je galerija na prostem, na zidu dvori\u0161\u010da \u0160u\u0161tar\u0161i\u010deve hi\u0161e na Trdinovem trgu. \u010castno prvo razstavo z naslovom Pot je postavil mladi obetavni fotograf Jo\u0161t Franko. Februarja smo v Pristavi kurili pusta, ki je \u017ee del stalne dejavnosti na\u0161ega dru\u0161tva. Z ostalimi dru\u0161tvi smo tudi sodelovali pri pripravi ob\u010dinskega praznovanja ob Slovenskem kulturnem prazniku s postavitvijo \u0161palirja iz sve\u010d ob glavni cesti skozi Menge\u0161.<\/p>\n<p>Marec se je za\u010del v znamenju Gregorjevega, z njim povezane likovne delavnice Izdelovanja ladjic iz okolju prijaznih materialov, ki smo jih nato ob Bognarjevem mostu v Pristavi spustili po P\u0161ati in tako soncu pomagali, da je mo\u010dno posijalo in prineslo pomlad. Ko je sneg od\u0161el, smo okolice znamenj in kapelic \u010dlani dru\u0161tva lepo o\u010distili. V marcu smo sodelovali z akademsko kiparko Polono Dem\u0161ar ob nastajanju kiparskega projekta, kasneje razstavljenega v Ljubljani.<\/p>\n<p>V aprilu smo izdelovali mozaike na temo svetovnega leta astronomije in v sklopu projekta Hallerstein. Izdelane mozaike lahko vidite na pokrovih meteornih ja\u0161kov na plo\u010dnikih po Meng\u0161u. Mozaiki na ja\u0161kih so v letu 2009 dobili mnenje Obrtne zbornice Slovenije, da so avtorski izdelek umetne obrti in s tem je ideja tudi avtorsko za\u0161\u010ditena. April je zaznamovala tudi priprava na velikono\u010dno bogoslu\u017eje z likovno delavnico izdelovanja \u017eegnov za Cvetno nedeljo.<\/p>\n<p>V maju smo odprli razstavo s predavanjem Toma Jeseni\u010dnika Slovenija v prese\u017enikih in razstavo starih razglednic \u0160marne gore iz zbirke Marka Koren\u010dana. Muzejsko in dru\u0161tveno razstavo Najstarej\u0161e pivo in njegova zgodba smo posodili Kamni\u0161kemu muzeju, kjer je gostovala na gradu Zaprice. Mesec se je zaklju\u010dil ob \u010detrtem festivalu otro\u0161ke poezije na razvalinah kapelice sv.Lovrenca, ki smo ga tokrat pospremili z izdajo knji\u017eice s pesmimi, predstavljenimi na festivalu.<\/p>\n<p>Junij je bil mesec, ki smo ga pre\u017eivljali na prostem, od predavanja o netopirjih Ne t\u010d ne m\u0161, ki smo jih opazovalu ob jezeru Pristava, do kresovanja na predve\u010der godu Janeza Krstnika in ob dr\u017eavnem prazniku ter dru\u0161tvenega piknika, kjer pa nam jo je \u017eal zagodel poletni de\u017e. Poletni mirni \u010das je zaznamovala fotografska razstava v galeriji CIKCAK, kjer je afri\u0161ke fotografije razstavil Fulvio Grisoni.<\/p>\n<p>Avgusta smo v Galeriji me\u017enariji postavili skupinsko razstavo Umetniki za Karitas z deli, ki so nastala na likovni koloniji Sinji vrh 2008. Na oratoriju smo sodelovali z likovno delavnico izdelovanja mozaikov.<\/p>\n<p>Oktobra smo kon\u010dali z obnovo Me\u017enarjeve kapelice v Pristavi, jo blagoslovili in ob tej prilo\u017enosti izdali podobice, razglednice in zlo\u017eenko o kapelici. V Galeriji me\u017enariji je razstavljal Janez Repnik. Na dru\u0161tvu nas je polstenja u\u010dila Minna Zupan s Finske. Mesec se je zaklju\u010dil na kostanjevem pikniku.<\/p>\n<p>V novembru je v Galeriji me\u017enariji Davorin Tome ob razstavi na predavanju predstavil svojo knjigo Samo narava in nas opozoril na pomen narave in ekologije.<\/p>\n<p>V decembru smo ob pripravah na Miklav\u017eevanje izdali prvo Menge\u0161ko pobarvanko, ki jo je mogo\u010de tudi kupiti. Ilustracije je izdelal akademski slikar Leon Zuodar, veselimo se \u017ee nadaljevanja dela z njim, saj imamo idej dovolj. Miklav\u017e je otroke tako obdaril 4.decembra, najprej v Meng\u0161u pred cerkvijo, nato v Topolah pri kapelici sv.Lucije. Ta veseli dan kulture je \u0161e poudaril razstavo v Galeriji me\u017enariji, kjer je decembra razstavljal priznani akademski slikar Darko Slavec. Filmski ve\u010der smo pripravili skupaj s Foto kino video klubom Mavrica iz Radomelj, kjer smo si lahko ogledali veliko kratkih filmov, ve\u010dinoma povezanih z Meng\u0161em. Leto se je zaklju\u010dilo z vnovi\u010dnim nastopom kolednikov, ki so blagoslov k hi\u0161am prinesli tudi za leto\u0161nje leto.<\/p>\n<p>Menge\u0161, 9. 3. 2010<\/p>\n<p>Peter \u0160krlep, predsednik<\/p>\n","protected":false},"excerpt":{"rendered":"<p>17. redni ob\u010dni zbor dru\u0161tva Kulturnega dru\u0161tva Franca Jelov\u0161ka Menge\u0161 je bil 9. marca 2010 ob 18. uri v dru\u0161tvenih prostorih na Slovenski cesti 30 v Meng\u0161u. Poro\u010dilo predsednika Kulturnega dru\u0161tva Franca Jelov\u0161ka Menge\u0161 za leto 2009 V Kulturnem dru\u0161tvu Franca Jelov\u0161ka Menge\u0161 nekaj programa poteka skozi vse leto, tako skrb za ohranjanje kulturne dedi\u0161\u010dine [&hellip;]<\/p>\n","protected":false},"author":2,"featured_media":0,"parent":480,"menu_order":0,"comment_status":"closed","ping_status":"closed","template":"","meta":{"footnotes":""},"class_list":["post-1112","page","type-page","status-publish","hentry"],"jetpack_sharing_enabled":true,"jetpack_shortlink":"https:\/\/wp.me\/P73nhm-hW","jetpack-related-posts":[],"_links":{"self":[{"href":"https:\/\/www.kdfjm.si\/index.php?rest_route=\/wp\/v2\/pages\/1112","targetHints":{"allow":["GET"]}}],"collection":[{"href":"https:\/\/www.kdfjm.si\/index.php?rest_route=\/wp\/v2\/pages"}],"about":[{"href":"https:\/\/www.kdfjm.si\/index.php?rest_route=\/wp\/v2\/types\/page"}],"author":[{"embeddable":true,"href":"https:\/\/www.kdfjm.si\/index.php?rest_route=\/wp\/v2\/users\/2"}],"replies":[{"embeddable":true,"href":"https:\/\/www.kdfjm.si\/index.php?rest_route=%2Fwp%2Fv2%2Fcomments&post=1112"}],"version-history":[{"count":1,"href":"https:\/\/www.kdfjm.si\/index.php?rest_route=\/wp\/v2\/pages\/1112\/revisions"}],"predecessor-version":[{"id":1113,"href":"https:\/\/www.kdfjm.si\/index.php?rest_route=\/wp\/v2\/pages\/1112\/revisions\/1113"}],"up":[{"embeddable":true,"href":"https:\/\/www.kdfjm.si\/index.php?rest_route=\/wp\/v2\/pages\/480"}],"wp:attachment":[{"href":"https:\/\/www.kdfjm.si\/index.php?rest_route=%2Fwp%2Fv2%2Fmedia&parent=1112"}],"curies":[{"name":"wp","href":"https:\/\/api.w.org\/{rel}","templated":true}]}}